{"version":"1.0","provider_name":"M\u0171velts\u00e9g.hu","provider_url":"https:\/\/muveltseg.cafeblog.hu","author_name":"M\u0171velts\u00e9g","author_url":"https:\/\/muveltseg.cafeblog.hu\/author\/muveltseg\/","title":"Jeanne d\u2019Arc","html":"<div><b>Jeanne d\u2019Arc, francia nemzeti h\u0151s, \u00e9s katolikus szent.<\/b><br> A sz\u00e1z\u00e9ves h\u00e1bor\u00fa idej\u00e9n vezette a francia n\u00e9p felszabad\u00edt\u00f3 harc\u00e1t az angolok ellen. 1431. m\u00e1jus 30-\u00e1n kiv\u00e9gezt\u00e9k, m\u00e1glyahal\u00e1llal halt meg.<\/div><div><br><\/div><div><a href=\"http:\/\/3.bp.blogspot.com\/-xR8MTl6xhUE\/UaeVo0kNOdI\/AAAAAAAAAF4\/DWQTl6CxUiE\/s1600\/janne+d%27arc.jpg\"><img border=\"0\" height=\"400\" src=\"https:\/\/muveltseg.cafeblog.hu\/files\/2013\/05\/janne-darc.jpg\" width=\"256\"><\/a><\/div><br><div><a href=\"http:\/\/2.bp.blogspot.com\/-i-PAbgPEB68\/UaeVoF7rPVI\/AAAAAAAAAFw\/uMyY1lM4I24\/s1600\/jeanne+d%27arc+m%C3%A1glyahal%C3%A1l.jpg\"><img border=\"0\" height=\"400\" src=\"https:\/\/muveltseg.cafeblog.hu\/files\/2013\/05\/jeanne-darc-m\u00e1glyahal\u00e1l.jpg\" width=\"287\"><\/a><\/div><div><br><\/div>","type":"rich"}